{"id":10379,"date":"2021-11-29T09:35:29","date_gmt":"2021-11-29T08:35:29","guid":{"rendered":"https:\/\/tarifaconnections.com\/politique-de-confidentialite\/"},"modified":"2025-04-23T07:38:11","modified_gmt":"2025-04-23T05:38:11","slug":"politique-de-confidentialite","status":"publish","type":"page","link":"https:\/\/tarifaconnections.com\/fr\/politique-de-confidentialite\/","title":{"rendered":"Politique de confidentialit\u00e9"},"content":{"rendered":"\t\t<div data-elementor-type=\"wp-page\" data-elementor-id=\"10379\" class=\"elementor elementor-10379 elementor-3\" data-elementor-settings=\"{&quot;ha_cmc_init_switcher&quot;:&quot;no&quot;}\" data-elementor-post-type=\"page\">\n\t\t\t\t\t\t<section class=\"elementor-section elementor-top-section elementor-element elementor-element-74855d78 elementor-section-boxed elementor-section-height-default elementor-section-height-default\" data-id=\"74855d78\" data-element_type=\"section\" data-e-type=\"section\" data-settings=\"{&quot;_ha_eqh_enable&quot;:false}\">\n\t\t\t\t\t\t<div class=\"elementor-container elementor-column-gap-default\">\n\t\t\t\t\t<div class=\"elementor-column elementor-col-100 elementor-top-column elementor-element elementor-element-1f58b78a\" data-id=\"1f58b78a\" data-element_type=\"column\" data-e-type=\"column\">\n\t\t\t<div class=\"elementor-widget-wrap elementor-element-populated\">\n\t\t\t\t\t\t<div class=\"elementor-element elementor-element-113446a4 elementor-widget elementor-widget-text-editor\" data-id=\"113446a4\" data-element_type=\"widget\" data-e-type=\"widget\" data-widget_type=\"text-editor.default\">\n\t\t\t\t<div class=\"elementor-widget-container\">\n\t\t\t\t\t\t\t\t\t<div class=\"elementor-element elementor-element-c289cf9 elementor-widget elementor-widget-heading\" data-id=\"c289cf9\" data-element_type=\"widget\" data-widget_type=\"heading.default\">\n<div class=\"elementor-widget-container\">\n<h2 class=\"elementor-heading-title elementor-size-default\">Politique de confidentialit\u00e9<\/h2>\n<\/div>\n<\/div>\n<div class=\"elementor-element elementor-element-40848db elementor-widget elementor-widget-text-editor\" data-id=\"40848db\" data-element_type=\"widget\" data-widget_type=\"text-editor.default\">\n<div class=\"elementor-widget-container\">\n<div align=\"center\">\n<table border=\"0\" width=\"503\" cellspacing=\"0\" cellpadding=\"0\">\n<tbody>\n<tr>\n<td valign=\"top\" width=\"105\">\n<pre id=\"tw-target-text\" class=\"tw-data-text tw-text-large tw-ta\" dir=\"ltr\" data-placeholder=\"Traducci\u00f3n\"><span class=\"Y2IQFc\" lang=\"en\">Website<\/span><\/pre>\n<\/td>\n<td valign=\"top\" width=\"398\">\n<p><span lang=\"ES\">www.tarifaconnetions.com<\/span><\/p>\n<\/td>\n<\/tr>\n<tr>\n<td valign=\"top\" width=\"105\">\n<p>Propri\u00e9taire du site web<\/p>\n<\/td>\n<td valign=\"top\" width=\"398\">\n<p><span lang=\"ES\">Nieves Pariente Cabrera.  <a href=\"mailto:info@tarifaconnetions.com\"><strong><em>+ d&rsquo;infos<\/em><\/strong><\/a><\/span><\/p>\n<\/td>\n<\/tr>\n<tr>\n<td valign=\"top\" width=\"105\">\n<pre id=\"tw-target-text\" class=\"tw-data-text tw-text-large tw-ta\" dir=\"ltr\" data-placeholder=\"Traducci\u00f3n\"><span class=\"Y2IQFc\" lang=\"en\">Data controller<\/span><\/pre>\n<\/td>\n<td valign=\"top\" width=\"398\">\n<p><span lang=\"ES\">Nieves Pariente Cabrera (Tarifa Connections), ci-apr\u00e8s \u00ab\u00a0l&rsquo;entreprise\u00a0\u00bb <a href=\"mailto:info@tarifaconnetions.com\"><strong><em>+ d&rsquo;infos<\/em><\/strong><\/a><\/span><\/p>\n<\/td>\n<\/tr>\n<tr>\n<td valign=\"top\" width=\"105\">\n<pre id=\"tw-target-text\" class=\"tw-data-text tw-text-large tw-ta\" dir=\"ltr\" data-placeholder=\"Traducci\u00f3n\"><span class=\"Y2IQFc\" lang=\"en\">Purpose<\/span><\/pre>\n<\/td>\n<td valign=\"top\" width=\"398\">\n<pre id=\"tw-target-text\" class=\"tw-data-text tw-text-large tw-ta\" dir=\"ltr\" data-placeholder=\"Traducci\u00f3n\"><span class=\"Y2IQFc\" lang=\"en\">Management, study and resolution of queries made through the web <span lang=\"ES\"> <a href=\"mailto:info@tarifaconnetions.com\"><strong><em>+ info<\/em><\/strong><\/a><\/span><\/span><\/pre>\n<\/td>\n<\/tr>\n<tr>\n<td valign=\"top\" width=\"105\">\n<pre id=\"tw-target-text\" class=\"tw-data-text tw-text-large tw-ta\" dir=\"ltr\" data-placeholder=\"Traducci\u00f3n\"><span class=\"Y2IQFc\" lang=\"en\">Legitimation<\/span><\/pre>\n<\/td>\n<td valign=\"top\" width=\"398\">\n<p>Consentement accord\u00e9 par l&rsquo;utilisateur <span lang=\"ES\"><a href=\"mailto:info@tarifaconnetions.com\"><strong><em>+ d&rsquo;infos<\/em><\/strong><\/a><\/span><\/p>\n<\/td>\n<\/tr>\n<tr>\n<td valign=\"top\" width=\"105\">\n<p>Consentement \u00e0 l&rsquo;\u00e2ge l\u00e9gal<\/p>\n<\/td>\n<td valign=\"top\" width=\"398\">\n<p>L&rsquo;utilisateur certifie qu&rsquo;il a plus de 13 ans et qu&rsquo;il a donc la capacit\u00e9 juridique n\u00e9cessaire pour donner son consentement au traitement de ses donn\u00e9es personnelles et ce, conform\u00e9ment aux dispositions de la pr\u00e9sente politique de confidentialit\u00e9.<\/p>\n<p><span lang=\"ES\">&nbsp;<\/span><\/p>\n<\/td>\n<\/tr>\n<tr>\n<td valign=\"top\" width=\"105\">\n<p>B\u00e9n\u00e9ficiaires<\/p>\n<\/td>\n<td valign=\"top\" width=\"398\">\n<p>Les donn\u00e9es seront communiqu\u00e9es \u00e0 des tiers afin de r\u00e9aliser les objectifs d\u00e9crits dans la pr\u00e9sente politique de confidentialit\u00e9. En aucun cas, les donn\u00e9es ne seront transf\u00e9r\u00e9es \u00e0 des tiers \u00e0 des fins autres que celles d\u00e9crites dans le pr\u00e9sent document. <\/p>\n<\/td>\n<\/tr>\n<tr>\n<td valign=\"top\" width=\"105\">\n<pre id=\"tw-target-text\" class=\"tw-data-text tw-text-large tw-ta\" dir=\"ltr\" data-placeholder=\"Traducci\u00f3n\"><span class=\"Y2IQFc\" lang=\"en\">Rights<\/span><\/pre>\n<\/td>\n<td valign=\"top\" width=\"398\">\n<p>Acc\u00e9der, rectifier et supprimer les donn\u00e9es, ainsi que d&rsquo;autres droits, comme expliqu\u00e9 dans les informations compl\u00e9mentaires.<\/p>\n<\/td>\n<\/tr>\n<tr>\n<td valign=\"top\" width=\"105\">\n<p><span lang=\"ES\">Informations compl\u00e9mentaires<\/span><\/p>\n<\/td>\n<td valign=\"top\" width=\"398\">\n<p>Vous pouvez consulter les informations compl\u00e9mentaires et d\u00e9taill\u00e9es sur la protection des donn\u00e9es en cliquant ici <span lang=\"ES\"><a href=\"mailto:info@tarifaconnetions.com\"><strong><em>+ d&rsquo;infos<\/em><\/strong><\/a><\/span><\/p>\n<\/td>\n<\/tr>\n<\/tbody>\n<\/table>\n<\/div>\n<p><strong>INFORMATIONS COMPL\u00c9MENTAIRES SUR LA PROTECTION DES DONN\u00c9ES<\/strong><\/p>\n<p><span lang=\"ES\">1.1  <\/span><strong>&#8211; Qui est le propri\u00e9taire de ce site web ?<\/strong><\/p>\n<table border=\"0\" cellspacing=\"0\" cellpadding=\"0\">\n<tbody>\n<tr>\n<td valign=\"top\" width=\"212\">\n<p>Identit\u00e9<\/p>\n<\/td>\n<td valign=\"top\" width=\"212\">\n<p>Nieves Pariente Cabrera D.N.I : 28.935.279-Z<\/p>\n<\/td>\n<\/tr>\n<tr>\n<td valign=\"top\" width=\"212\">&nbsp;<\/td>\n<td valign=\"top\" width=\"212\">&nbsp;<\/td>\n<\/tr>\n<tr>\n<td valign=\"top\" width=\"212\">\n<p>Adresse postale<\/p>\n<\/td>\n<td width=\"212\">\n<p>C\/ Constituci\u00f3n 34 &#8211; 11391 Facinas (C\u00e1diz)<\/p>\n<\/td>\n<\/tr>\n<tr>\n<td valign=\"top\" width=\"212\">\n<p><span lang=\"ES\">T\u00e9l\u00e9phone<\/span><\/p>\n<\/td>\n<td valign=\"top\" width=\"212\">\n<p>+34 635 31 17 16<\/p>\n<\/td>\n<\/tr>\n<tr>\n<td valign=\"top\" width=\"212\">\n<p><span lang=\"ES\">Courrier :<\/span><\/p>\n<\/td>\n<td valign=\"top\" width=\"212\">\n<p><a href=\"mailto:info@tarifaconnetions.com\">info@tarifaconnetions.com<\/a><\/p>\n<\/td>\n<\/tr>\n<\/tbody>\n<\/table>\n<p><span lang=\"ES\">&nbsp;<\/span><\/p>\n<p><span lang=\"ES\">1.2  <\/span><strong>&#8211; Qui est responsable du traitement de vos donn\u00e9es personnelles ?<\/strong><\/p>\n<table border=\"0\" cellspacing=\"0\" cellpadding=\"0\">\n<tbody>\n<tr>\n<td valign=\"top\" width=\"212\">\n<p>Identit\u00e9<\/p>\n<\/td>\n<td valign=\"top\" width=\"212\">\n<p>Nieves Pariente Cabrera D.N.I : 28.935.279-Z<\/p>\n<\/td>\n<\/tr>\n<tr>\n<td valign=\"top\" width=\"212\">&nbsp;<\/td>\n<td valign=\"top\" width=\"212\">&nbsp;<\/td>\n<\/tr>\n<tr>\n<td valign=\"top\" width=\"212\">\n<p>Adresse postale<\/p>\n<\/td>\n<td width=\"212\">\n<p>C\/ Constituci\u00f3n 34 &#8211; 11391 Facinas (C\u00e1diz)<\/p>\n<\/td>\n<\/tr>\n<tr>\n<td valign=\"top\" width=\"212\">\n<p><span lang=\"ES\">T\u00e9l\u00e9phone<\/span><\/p>\n<\/td>\n<td valign=\"top\" width=\"212\">\n<p>+34 635 31 17 16<\/p>\n<\/td>\n<\/tr>\n<tr>\n<td valign=\"top\" width=\"212\">\n<p><span lang=\"ES\">Courrier :<\/span><\/p>\n<\/td>\n<td valign=\"top\" width=\"212\">\n<p><a href=\"mailto:info@tarifaconnetions.com\">info@tarifaconnetions.com<\/a><\/p>\n<\/td>\n<\/tr>\n<\/tbody>\n<\/table>\n<p><strong>&nbsp;<\/strong><\/p>\n<p><span lang=\"ES\">1.3  <\/span><strong>Dans quel but traiterons-nous vos donn\u00e9es personnelles et pendant combien de temps les conserverons-nous ?<\/strong><\/p>\n<p>L&rsquo;entreprise traitera vos donn\u00e9es personnelles exclusivement pour des finalit\u00e9s sp\u00e9cifiques, explicites et l\u00e9gitimes, et elles ne seront pas trait\u00e9es d&rsquo;une mani\u00e8re incompatible avec lesdites finalit\u00e9s.<\/p>\n<table border=\"1\" cellspacing=\"0\" cellpadding=\"0\">\n<tbody>\n<tr>\n<td colspan=\"2\" valign=\"top\" width=\"302\">\n<p align=\"center\"><strong>Objectifs<\/strong><\/p>\n<\/td>\n<td valign=\"top\" width=\"122\">\n<p align=\"center\"><strong>Conservation<\/strong><\/p>\n<\/td>\n<\/tr>\n<tr>\n<td valign=\"top\" width=\"149\">\n<p>Objectif 1 : pour les utilisateurs qui effectuent des enqu\u00eates<\/p>\n<\/td>\n<td valign=\"top\" width=\"154\">\n<pre id=\"tw-target-text\" class=\"tw-data-text tw-text-large tw-ta\" dir=\"ltr\" data-placeholder=\"Traducci\u00f3n\"><span class=\"Y2IQFc\" lang=\"en\">Management, study and resolution of queries made through the web<\/span><\/pre>\n<\/td>\n<td valign=\"top\" width=\"122\">\n<p>Les donn\u00e9es seront supprim\u00e9es d\u00e8s que l&rsquo;objectif pour lequel elles ont \u00e9t\u00e9 collect\u00e9es aura \u00e9t\u00e9 atteint.<\/p>\n<\/td>\n<\/tr>\n<tr>\n<td valign=\"top\" width=\"149\">\n<p>Objectif 2 : pour les utilisateurs qui nous envoient leur curriculum vitae<\/p>\n<\/td>\n<td valign=\"top\" width=\"154\">\n<p>Gestion des processus de s\u00e9lection du personnel<\/p>\n<\/td>\n<td valign=\"top\" width=\"122\">\n<p>Les donn\u00e9es seront supprim\u00e9es d\u00e8s que l&rsquo;objectif pour lequel elles ont \u00e9t\u00e9 collect\u00e9es aura \u00e9t\u00e9 atteint.<\/p>\n<\/td>\n<\/tr>\n<tr>\n<td valign=\"top\" width=\"149\">\n<p>Objectif 3 : pour les clients de la boutique en ligne<\/p>\n<\/td>\n<td valign=\"top\" width=\"154\">\n<p>Comptabilit\u00e9, fiscalit\u00e9 et gestion administrative et exp\u00e9ditions de la publicit\u00e9 et de la promotion des produits et services de l&rsquo;entreprise<\/p>\n<\/td>\n<td valign=\"top\" width=\"122\">\n<p>6 ans en application de la loi fiscale g\u00e9n\u00e9rale<\/p>\n<\/td>\n<\/tr>\n<tr>\n<td valign=\"top\" width=\"149\">\n<p>Objectif 4 : pour les clients qui demandent des informations commerciales sur les produits et services de l&rsquo;entreprise.<\/p>\n<\/td>\n<td valign=\"top\" width=\"154\">\n<p>Envoi de publicit\u00e9 et promotion des produits et services de l&rsquo;entreprise<\/p>\n<\/td>\n<td valign=\"top\" width=\"122\">\n<p>Les donn\u00e9es seront supprim\u00e9es d\u00e8s que l&rsquo;objectif pour lequel elles ont \u00e9t\u00e9 collect\u00e9es aura \u00e9t\u00e9 atteint.<\/p>\n<\/td>\n<\/tr>\n<tr>\n<td valign=\"top\" width=\"149\">\n<p>Objectif 5 : pour les clients qui s&rsquo;inscrivent \u00e0 la lettre d&rsquo;information<\/p>\n<\/td>\n<td valign=\"top\" width=\"154\">\n<p>Informations sur l&rsquo;entreprise et ses activit\u00e9s, nouvelles d&rsquo;int\u00e9r\u00eat et envoi de publicit\u00e9 et de promotion des produits et services de l&rsquo;entreprise.<\/p>\n<\/td>\n<td valign=\"top\" width=\"122\">\n<p>Les donn\u00e9es seront supprim\u00e9es d\u00e8s que l&rsquo;objectif pour lequel elles ont \u00e9t\u00e9 collect\u00e9es aura \u00e9t\u00e9 atteint.<\/p>\n<\/td>\n<\/tr>\n<\/tbody>\n<\/table>\n<p><span lang=\"ES\">&nbsp;<\/span><\/p>\n<p><span lang=\"ES\">1.4  <\/span><strong>&#8211; Quelle est la l\u00e9gitimit\u00e9 du traitement de vos donn\u00e9es ?<\/strong><\/p>\n<p>La base juridique du traitement de vos donn\u00e9es est le consentement que vous nous donnez en cochant la case dans laquelle vous acceptez notre politique de confidentialit\u00e9.<\/p>\n<p><span lang=\"ES\">&nbsp;<\/span><\/p>\n<div align=\"center\">\n<table border=\"1\" cellspacing=\"0\" cellpadding=\"0\">\n<tbody>\n<tr>\n<td colspan=\"2\" valign=\"top\" width=\"302\">\n<p align=\"center\"><strong>L\u00e9gitimation du traitement des donn\u00e9es<\/strong><\/p>\n<\/td>\n<\/tr>\n<tr>\n<td valign=\"top\" width=\"149\">\n<p>Objectif 1 : pour les utilisateurs qui effectuent des enqu\u00eates<\/p>\n<\/td>\n<td valign=\"top\" width=\"154\">\n<p>Consentement accord\u00e9 par la partie int\u00e9ress\u00e9e<\/p>\n<\/td>\n<\/tr>\n<tr>\n<td valign=\"top\" width=\"149\">\n<p>Objectif 2 : pour les utilisateurs qui nous envoient leur curriculum vitae<\/p>\n<\/td>\n<td valign=\"top\" width=\"154\">\n<p>Consentement accord\u00e9 par la partie int\u00e9ress\u00e9e<\/p>\n<\/td>\n<\/tr>\n<tr>\n<td valign=\"top\" width=\"149\">\n<p>Objectif 3 : pour les clients de la boutique en ligne<\/p>\n<\/td>\n<td valign=\"top\" width=\"154\">\n<p>Ex\u00e9cution du contrat de vente et int\u00e9r\u00eat l\u00e9gitime du responsable<\/p>\n<\/td>\n<\/tr>\n<tr>\n<td valign=\"top\" width=\"149\">\n<p>Objectif 4 : pour les clients qui demandent des informations commerciales sur les produits et services de l&rsquo;entreprise.<\/p>\n<\/td>\n<td valign=\"top\" width=\"154\">\n<p>Consentement accord\u00e9 par la partie int\u00e9ress\u00e9e<\/p>\n<\/td>\n<\/tr>\n<tr>\n<td valign=\"top\" width=\"149\">\n<p>Objectif 5 : pour les clients qui s&rsquo;inscrivent \u00e0 la lettre d&rsquo;information<\/p>\n<\/td>\n<td valign=\"top\" width=\"154\">\n<p>Consentement accord\u00e9 par la partie int\u00e9ress\u00e9e<\/p>\n<\/td>\n<\/tr>\n<\/tbody>\n<\/table>\n<\/div>\n<p><span lang=\"ES\">&nbsp;<\/span><\/p>\n<p><span lang=\"ES\">1.5  <\/span><strong>A quels destinataires vos donn\u00e9es seront-elles communiqu\u00e9es ?<\/strong><\/p>\n<p>Les donn\u00e9es seront communiqu\u00e9es aux soci\u00e9t\u00e9s suivantes et aux fins suivantes :<\/p>\n<table border=\"0\" cellspacing=\"0\" cellpadding=\"0\">\n<tbody>\n<tr>\n<td valign=\"top\" width=\"195\">\n<p align=\"center\">RECIPIENTS<\/p>\n<\/td>\n<td valign=\"top\" width=\"194\">\n<p align=\"center\">OBJECTIF<\/p>\n<\/td>\n<\/tr>\n<tr>\n<td valign=\"top\" width=\"195\">\n<p><span lang=\"ES\">SERED HOSTING, SL. &#8211; CIF : B-32496242 <\/span><\/p>\n<\/td>\n<td valign=\"top\" width=\"194\">\n<pre id=\"tw-target-text\" class=\"tw-data-text tw-text-large tw-ta\" dir=\"ltr\" data-placeholder=\"Traducci\u00f3n\"><span class=\"Y2IQFc\" lang=\"en\">Company to which we have contracted the web hosting service<\/span><\/pre>\n<\/td>\n<\/tr>\n<\/tbody>\n<\/table>\n<p><span lang=\"ES\">1.6  <\/span><strong>-Quels sont vos droits lorsque vous nous fournissez vos donn\u00e9es ?<\/strong><\/p>\n<p>Toute personne a le droit d&rsquo;obtenir la confirmation que l&rsquo;entreprise traite ou non les donn\u00e9es personnelles qui la concernent.<\/p>\n<p>En particulier, vous pouvez contacter l&rsquo;entreprise \u00e0 son adresse postale ou \u00e0 l&rsquo;adresse \u00e9lectronique fournie dans le pr\u00e9sent document afin d&rsquo;exercer les droits suivants :<\/p>\n<p>Droit de demander l&rsquo;acc\u00e8s aux donn\u00e9es personnelles concernant l&rsquo;int\u00e9ress\u00e9.<\/p>\n<p>Droit de demander sa rectification ou son effacement.<\/p>\n<p>Droit de demander la limitation de votre traitement.<\/p>\n<p>Droit de s&rsquo;opposer au traitement.<\/p>\n<p>Droit \u00e0 la portabilit\u00e9 des donn\u00e9es.<\/p>\n<p>Vous pouvez demander les formulaires n\u00e9cessaires \u00e0 l&rsquo;exercice de ces droits en envoyant un courriel \u00e0 l&rsquo;adresse \u00e9lectronique indiqu\u00e9e dans le pr\u00e9sent document.<\/p>\n<p>Compte tenu du caract\u00e8re tr\u00e8s personnel de l&rsquo;exercice de l&rsquo;un de ces droits, vous devez joindre \u00e0 votre demande une copie de votre carte d&rsquo;identit\u00e9 ou d&rsquo;un document justificatif \u00e9quivalent.<\/p>\n<p>Vous pouvez vous adresser \u00e0 l&rsquo;Agence espagnole de protection des donn\u00e9es pour obtenir des informations compl\u00e9mentaires sur vos droits ou d\u00e9poser une r\u00e9clamation aupr\u00e8s d&rsquo;elle, notamment lorsque vous n&rsquo;avez pas obtenu satisfaction dans l&rsquo;exercice de vos droits, en obtenant toutes les informations n\u00e9cessaires \u00e0 cet effet sur le site web <a href=\"http:\/\/www.agpd.es\/\">www.agpd.es<\/a>.<\/p>\n<\/div>\n<\/div>\t\t\t\t\t\t\t\t<\/div>\n\t\t\t\t<\/div>\n\t\t\t\t\t<\/div>\n\t\t<\/div>\n\t\t\t\t\t<\/div>\n\t\t<\/section>\n\t\t\t\t<\/div>\n\t\t","protected":false},"excerpt":{"rendered":"<p>Politique de confidentialit\u00e9 Website www.tarifaconnetions.com Propri\u00e9taire du site web Nieves Pariente Cabrera. + d&rsquo;infos Data controller Nieves Pariente Cabrera (Tarifa Connections), ci-apr\u00e8s \u00ab\u00a0l&rsquo;entreprise\u00a0\u00bb + d&rsquo;infos Purpose Management, study and resolution of queries made through the web + info Legitimation Consentement accord\u00e9 par l&rsquo;utilisateur + d&rsquo;infos Consentement \u00e0 l&rsquo;\u00e2ge l\u00e9gal L&rsquo;utilisateur certifie qu&rsquo;il a plus de [&hellip;]<\/p>\n","protected":false},"author":1,"featured_media":0,"parent":0,"menu_order":0,"comment_status":"closed","ping_status":"closed","template":"","meta":{"_joinchat":[],"footnotes":""},"class_list":["post-10379","page","type-page","status-publish","hentry"],"yoast_head":"<!-- This site is optimized with the Yoast SEO plugin v27.5 - https:\/\/yoast.com\/product\/yoast-seo-wordpress\/ -->\n<title>Politique de confidentialit\u00e9 - Tarifa Connections<\/title>\n<meta name=\"robots\" content=\"index, follow, max-snippet:-1, max-image-preview:large, max-video-preview:-1\" \/>\n<link rel=\"canonical\" href=\"https:\/\/tarifaconnections.com\/fr\/politique-de-confidentialite\/\" \/>\n<meta property=\"og:locale\" content=\"fr_FR\" \/>\n<meta property=\"og:type\" content=\"article\" \/>\n<meta property=\"og:title\" content=\"Politique de confidentialit\u00e9 - Tarifa Connections\" \/>\n<meta property=\"og:description\" content=\"Politique de confidentialit\u00e9 Website www.tarifaconnetions.com Propri\u00e9taire du site web Nieves Pariente Cabrera. + d&rsquo;infos Data controller Nieves Pariente Cabrera (Tarifa Connections), ci-apr\u00e8s \u00ab\u00a0l&rsquo;entreprise\u00a0\u00bb + d&rsquo;infos Purpose Management, study and resolution of queries made through the web + info Legitimation Consentement accord\u00e9 par l&rsquo;utilisateur + d&rsquo;infos Consentement \u00e0 l&rsquo;\u00e2ge l\u00e9gal L&rsquo;utilisateur certifie qu&rsquo;il a plus de [&hellip;]\" \/>\n<meta property=\"og:url\" content=\"https:\/\/tarifaconnections.com\/fr\/politique-de-confidentialite\/\" \/>\n<meta property=\"og:site_name\" content=\"Tarifa Connections\" \/>\n<meta property=\"article:modified_time\" content=\"2025-04-23T05:38:11+00:00\" \/>\n<meta name=\"twitter:card\" content=\"summary_large_image\" \/>\n<meta name=\"twitter:label1\" content=\"Dur\u00e9e de lecture estim\u00e9e\" \/>\n\t<meta name=\"twitter:data1\" content=\"5 minutes\" \/>\n<script type=\"application\/ld+json\" class=\"yoast-schema-graph\">{\"@context\":\"https:\\\/\\\/schema.org\",\"@graph\":[{\"@type\":\"WebPage\",\"@id\":\"https:\\\/\\\/tarifaconnections.com\\\/fr\\\/politique-de-confidentialite\\\/\",\"url\":\"https:\\\/\\\/tarifaconnections.com\\\/fr\\\/politique-de-confidentialite\\\/\",\"name\":\"Politique de confidentialit\u00e9 - Tarifa Connections\",\"isPartOf\":{\"@id\":\"https:\\\/\\\/tarifaconnections.com\\\/fr\\\/#website\"},\"datePublished\":\"2021-11-29T08:35:29+00:00\",\"dateModified\":\"2025-04-23T05:38:11+00:00\",\"breadcrumb\":{\"@id\":\"https:\\\/\\\/tarifaconnections.com\\\/fr\\\/politique-de-confidentialite\\\/#breadcrumb\"},\"inLanguage\":\"fr-FR\",\"potentialAction\":[{\"@type\":\"ReadAction\",\"target\":[\"https:\\\/\\\/tarifaconnections.com\\\/fr\\\/politique-de-confidentialite\\\/\"]}]},{\"@type\":\"BreadcrumbList\",\"@id\":\"https:\\\/\\\/tarifaconnections.com\\\/fr\\\/politique-de-confidentialite\\\/#breadcrumb\",\"itemListElement\":[{\"@type\":\"ListItem\",\"position\":1,\"name\":\"Home\",\"item\":\"https:\\\/\\\/tarifaconnections.com\\\/fr\\\/connexions-tarifa\\\/\"},{\"@type\":\"ListItem\",\"position\":2,\"name\":\"Politique de confidentialit\u00e9\"}]},{\"@type\":\"WebSite\",\"@id\":\"https:\\\/\\\/tarifaconnections.com\\\/fr\\\/#website\",\"url\":\"https:\\\/\\\/tarifaconnections.com\\\/fr\\\/\",\"name\":\"Tarifa Connections\",\"description\":\"Enjoy a unique vacation experience in Tarifa with TarifaConnections. We connect you with an exclusive network of luxury villas and homes, including beachfront options with pools. In addition to your ideal accommodation, we customize your stay with activities, chef services, beauty treatments, and everything else you need. Your perfect getaway in southern Spain, tailored just for you.\",\"publisher\":{\"@id\":\"https:\\\/\\\/tarifaconnections.com\\\/fr\\\/#organization\"},\"potentialAction\":[{\"@type\":\"SearchAction\",\"target\":{\"@type\":\"EntryPoint\",\"urlTemplate\":\"https:\\\/\\\/tarifaconnections.com\\\/fr\\\/?s={search_term_string}\"},\"query-input\":{\"@type\":\"PropertyValueSpecification\",\"valueRequired\":true,\"valueName\":\"search_term_string\"}}],\"inLanguage\":\"fr-FR\"},{\"@type\":\"Organization\",\"@id\":\"https:\\\/\\\/tarifaconnections.com\\\/fr\\\/#organization\",\"name\":\"Tarifa Connections\",\"url\":\"https:\\\/\\\/tarifaconnections.com\\\/fr\\\/\",\"logo\":{\"@type\":\"ImageObject\",\"inLanguage\":\"fr-FR\",\"@id\":\"https:\\\/\\\/tarifaconnections.com\\\/fr\\\/#\\\/schema\\\/logo\\\/image\\\/\",\"url\":\"https:\\\/\\\/tarifaconnections.com\\\/wp-content\\\/uploads\\\/2022\\\/01\\\/cropped-cropped-TC-DORADO-COMPLETO.png\",\"contentUrl\":\"https:\\\/\\\/tarifaconnections.com\\\/wp-content\\\/uploads\\\/2022\\\/01\\\/cropped-cropped-TC-DORADO-COMPLETO.png\",\"width\":1487,\"height\":425,\"caption\":\"Tarifa Connections\"},\"image\":{\"@id\":\"https:\\\/\\\/tarifaconnections.com\\\/fr\\\/#\\\/schema\\\/logo\\\/image\\\/\"}}]}<\/script>\n<!-- \/ Yoast SEO plugin. -->","yoast_head_json":{"title":"Politique de confidentialit\u00e9 - Tarifa Connections","robots":{"index":"index","follow":"follow","max-snippet":"max-snippet:-1","max-image-preview":"max-image-preview:large","max-video-preview":"max-video-preview:-1"},"canonical":"https:\/\/tarifaconnections.com\/fr\/politique-de-confidentialite\/","og_locale":"fr_FR","og_type":"article","og_title":"Politique de confidentialit\u00e9 - Tarifa Connections","og_description":"Politique de confidentialit\u00e9 Website www.tarifaconnetions.com Propri\u00e9taire du site web Nieves Pariente Cabrera. + d&rsquo;infos Data controller Nieves Pariente Cabrera (Tarifa Connections), ci-apr\u00e8s \u00ab\u00a0l&rsquo;entreprise\u00a0\u00bb + d&rsquo;infos Purpose Management, study and resolution of queries made through the web + info Legitimation Consentement accord\u00e9 par l&rsquo;utilisateur + d&rsquo;infos Consentement \u00e0 l&rsquo;\u00e2ge l\u00e9gal L&rsquo;utilisateur certifie qu&rsquo;il a plus de [&hellip;]","og_url":"https:\/\/tarifaconnections.com\/fr\/politique-de-confidentialite\/","og_site_name":"Tarifa Connections","article_modified_time":"2025-04-23T05:38:11+00:00","twitter_card":"summary_large_image","twitter_misc":{"Dur\u00e9e de lecture estim\u00e9e":"5 minutes"},"schema":{"@context":"https:\/\/schema.org","@graph":[{"@type":"WebPage","@id":"https:\/\/tarifaconnections.com\/fr\/politique-de-confidentialite\/","url":"https:\/\/tarifaconnections.com\/fr\/politique-de-confidentialite\/","name":"Politique de confidentialit\u00e9 - Tarifa Connections","isPartOf":{"@id":"https:\/\/tarifaconnections.com\/fr\/#website"},"datePublished":"2021-11-29T08:35:29+00:00","dateModified":"2025-04-23T05:38:11+00:00","breadcrumb":{"@id":"https:\/\/tarifaconnections.com\/fr\/politique-de-confidentialite\/#breadcrumb"},"inLanguage":"fr-FR","potentialAction":[{"@type":"ReadAction","target":["https:\/\/tarifaconnections.com\/fr\/politique-de-confidentialite\/"]}]},{"@type":"BreadcrumbList","@id":"https:\/\/tarifaconnections.com\/fr\/politique-de-confidentialite\/#breadcrumb","itemListElement":[{"@type":"ListItem","position":1,"name":"Home","item":"https:\/\/tarifaconnections.com\/fr\/connexions-tarifa\/"},{"@type":"ListItem","position":2,"name":"Politique de confidentialit\u00e9"}]},{"@type":"WebSite","@id":"https:\/\/tarifaconnections.com\/fr\/#website","url":"https:\/\/tarifaconnections.com\/fr\/","name":"Tarifa Connections","description":"Enjoy a unique vacation experience in Tarifa with TarifaConnections. We connect you with an exclusive network of luxury villas and homes, including beachfront options with pools. In addition to your ideal accommodation, we customize your stay with activities, chef services, beauty treatments, and everything else you need. Your perfect getaway in southern Spain, tailored just for you.","publisher":{"@id":"https:\/\/tarifaconnections.com\/fr\/#organization"},"potentialAction":[{"@type":"SearchAction","target":{"@type":"EntryPoint","urlTemplate":"https:\/\/tarifaconnections.com\/fr\/?s={search_term_string}"},"query-input":{"@type":"PropertyValueSpecification","valueRequired":true,"valueName":"search_term_string"}}],"inLanguage":"fr-FR"},{"@type":"Organization","@id":"https:\/\/tarifaconnections.com\/fr\/#organization","name":"Tarifa Connections","url":"https:\/\/tarifaconnections.com\/fr\/","logo":{"@type":"ImageObject","inLanguage":"fr-FR","@id":"https:\/\/tarifaconnections.com\/fr\/#\/schema\/logo\/image\/","url":"https:\/\/tarifaconnections.com\/wp-content\/uploads\/2022\/01\/cropped-cropped-TC-DORADO-COMPLETO.png","contentUrl":"https:\/\/tarifaconnections.com\/wp-content\/uploads\/2022\/01\/cropped-cropped-TC-DORADO-COMPLETO.png","width":1487,"height":425,"caption":"Tarifa Connections"},"image":{"@id":"https:\/\/tarifaconnections.com\/fr\/#\/schema\/logo\/image\/"}}]}},"_links":{"self":[{"href":"https:\/\/tarifaconnections.com\/fr\/wp-json\/wp\/v2\/pages\/10379","targetHints":{"allow":["GET"]}}],"collection":[{"href":"https:\/\/tarifaconnections.com\/fr\/wp-json\/wp\/v2\/pages"}],"about":[{"href":"https:\/\/tarifaconnections.com\/fr\/wp-json\/wp\/v2\/types\/page"}],"author":[{"embeddable":true,"href":"https:\/\/tarifaconnections.com\/fr\/wp-json\/wp\/v2\/users\/1"}],"replies":[{"embeddable":true,"href":"https:\/\/tarifaconnections.com\/fr\/wp-json\/wp\/v2\/comments?post=10379"}],"version-history":[{"count":1,"href":"https:\/\/tarifaconnections.com\/fr\/wp-json\/wp\/v2\/pages\/10379\/revisions"}],"predecessor-version":[{"id":10381,"href":"https:\/\/tarifaconnections.com\/fr\/wp-json\/wp\/v2\/pages\/10379\/revisions\/10381"}],"wp:attachment":[{"href":"https:\/\/tarifaconnections.com\/fr\/wp-json\/wp\/v2\/media?parent=10379"}],"curies":[{"name":"wp","href":"https:\/\/api.w.org\/{rel}","templated":true}]}}